{"id":1533,"date":"2025-11-05T18:11:11","date_gmt":"2025-11-05T16:11:11","guid":{"rendered":"https:\/\/www.doramedicals.ro\/?page_id=1533"},"modified":"2025-11-05T18:11:13","modified_gmt":"2025-11-05T16:11:13","slug":"munkahelyi-orvostan","status":"publish","type":"page","link":"https:\/\/www.doramedicals.ro\/hu\/munkahelyi-orvostan\/","title":{"rendered":"MUNKAHELYI ORVOSTAN"},"content":{"rendered":"<figure class=\"wp-block-image size-large\"><img loading=\"lazy\" decoding=\"async\" width=\"1024\" height=\"405\" src=\"https:\/\/www.doramedicals.ro\/wp-content\/uploads\/2024\/12\/MEDICINA-MUNCII-1-1024x405.jpg\" alt=\"medicina muncii la dora medicals in targu mures Examen medical la angajare \u0219i Control medical periodic\" class=\"wp-image-760\" srcset=\"https:\/\/www.doramedicals.ro\/wp-content\/uploads\/2024\/12\/MEDICINA-MUNCII-1-1024x405.jpg 1024w, https:\/\/www.doramedicals.ro\/wp-content\/uploads\/2024\/12\/MEDICINA-MUNCII-1-300x119.jpg 300w, https:\/\/www.doramedicals.ro\/wp-content\/uploads\/2024\/12\/MEDICINA-MUNCII-1-768x304.jpg 768w, https:\/\/www.doramedicals.ro\/wp-content\/uploads\/2024\/12\/MEDICINA-MUNCII-1-1536x607.jpg 1536w, https:\/\/www.doramedicals.ro\/wp-content\/uploads\/2024\/12\/MEDICINA-MUNCII-1-2048x810.jpg 2048w, https:\/\/www.doramedicals.ro\/wp-content\/uploads\/2024\/12\/MEDICINA-MUNCII-1-18x7.jpg 18w, https:\/\/www.doramedicals.ro\/wp-content\/uploads\/2024\/12\/MEDICINA-MUNCII-1-450x178.jpg 450w\" sizes=\"auto, (max-width: 1024px) 100vw, 1024px\" \/><\/figure>\n\n\n\n<div class=\"wp-block-columns is-layout-flex wp-container-core-columns-is-layout-9d6595d7 wp-block-columns-is-layout-flex\">\n<div class=\"wp-block-column is-vertically-aligned-stretch is-layout-flow wp-block-column-is-layout-flow\" style=\"flex-basis:66.66%\">\n<p>Munkahelyi orvostan a Dora Medicalsn\u00e1l, Marosv\u00e1s\u00e1rhelyen<br>Alkalmazotti orvosi vizsg\u00e1lat \u00e9s id\u0151szakos eg\u00e9szs\u00e9g\u00fcgyi ellen\u0151rz\u00e9s<\/p>\n\n\n\n<p>A <strong>DORA MEDICALS<\/strong> teljes k\u00f6r\u0171 munkahelyi orvosi szolg\u00e1ltat\u00e1sokat ny\u00fajt v\u00e1llalatok sz\u00e1m\u00e1ra, mind az alkalmazotti vizsg\u00e1latokhoz, mind az id\u0151szakos orvosi ellen\u0151rz\u00e9sekhez.<\/p>\n\n\n\n<p><br>Munkahelyi orvosi szolg\u00e1ltat\u00e1sainkat \u00fagy alak\u00edtottuk ki, hogy hat\u00e9kony megold\u00e1sokat ny\u00fajtsunk az eg\u00e9szs\u00e9g\u00fcgyi probl\u00e9m\u00e1kra, seg\u00edtve a munkav\u00e1llal\u00f3kat az eg\u00e9szs\u00e9gi \u00e1llapotuk meg\u0151rz\u00e9s\u00e9nek fontoss\u00e1g\u00e1nak felismer\u00e9s\u00e9ben. Ez nemcsak a szem\u00e9lyes j\u00f3l\u00e9t, hanem a csal\u00e1d, a munkahely \u00e9s a t\u00e1rsadalom sz\u00e1m\u00e1ra is elengedhetetlen.<\/p>\n\n\n\n<p><strong>\ud83d\udc69\u200d\u2695\ufe0fOrvos<\/strong><\/p>\n\n\n\n<p><strong>Dr. Horv\u00e1th M\u00e1ria<\/strong> &#8211; <strong>munkahelyi orvostan szakorvos<\/strong><\/p>\n\n\n\n<p class=\"has-text-align-center\">\ud83d\udcde<strong>Telefon:<\/strong> Inform\u00e1ci\u00f3: 0799.305.468, Szerz\u0151d\u00e9sk\u00f6t\u00e9s: 0799.305.477<\/p>\n<\/div>\n\n\n\n<div class=\"wp-block-column is-layout-flow wp-block-column-is-layout-flow\" style=\"flex-basis:33.33%\">\n<p><strong>Klinka cime:<\/strong><br>\ud83d\udccd<a href=\"https:\/\/www.google.com\/maps\/place\/Dora+Medicals+SRL+-+sediu+central\/@46.5513383,24.5620517,17z\/data=!3m1!4b1!4m6!3m5!1s0x474bb639e717fe91:0x9a335823149af450!8m2!3d46.5513346!4d24.5646266!16s%2Fg%2F1hc23hdvq?entry=ttu&amp;g_ep=EgoyMDI0MTEyNC4xIKXMDSoASAFQAw%3D%3D\">T\u00e2rgu Mure\u0219, P-\u021ba M\u0103r\u0103\u0219e\u0219ti, nr. 21<\/a><\/p>\n\n\n\n<p><\/p>\n\n\n\n<p class=\"has-text-align-left\">\ud83d\udd50Munkaprogram<\/p>\n\n\n\n<div class=\"wp-block-group is-vertical is-content-justification-left is-layout-flex wp-container-core-group-is-layout-ad009506 wp-block-group-is-layout-flex\">\n<div class=\"wp-block-group is-content-justification-center is-nowrap is-layout-flex wp-container-core-group-is-layout-94bc23d7 wp-block-group-is-layout-flex\">\n<div class=\"wp-block-group is-vertical is-layout-flex wp-container-core-group-is-layout-8cf370e7 wp-block-group-is-layout-flex\">\n<div class=\"wp-block-group is-vertical is-layout-flex wp-container-core-group-is-layout-b7faace9 wp-block-group-is-layout-flex\">\n<p class=\"has-text-align-center\">H\u00e9tf\u0151: 09:00 &#8211; 12:00<\/p>\n\n\n\n<p class=\"has-text-align-center\">Kedd: 09:00 &#8211; 12:00<\/p>\n\n\n\n<p class=\"has-text-align-center\">Szerda: 15:00 &#8211; 18:00<\/p>\n\n\n\n<p class=\"has-text-align-center\">Cs\u00fct\u00f6rt\u00f6k: 15:00 &#8211; 18:00<\/p>\n\n\n\n<p class=\"has-text-align-center\">P\u00e9ntek: 09:00 &#8211; 12:00<\/p>\n<\/div>\n<\/div>\n<\/div>\n<\/div>\n<\/div>\n<\/div>\n\n\n\n<p><strong>Alkalmazotti orvosi vizsg\u00e1lat \u00e9s id\u0151szakos eg\u00e9szs\u00e9g\u00fcgyi ellen\u0151rz\u00e9s<\/strong><\/p>\n\n\n\n<p>A Munka T\u00f6rv\u00e9nyk\u00f6nyve szerint minden munk\u00e1ba \u00e1llni k\u00edv\u00e1n\u00f3 szem\u00e9lynek rendelkeznie kell egy alkalmass\u00e1gi igazol\u00e1ssal, amelyet munkahelyi orvostan szakember \u00e1ll\u00edt ki.<\/p>\n\n\n\n<p>Az id\u0151szakos orvosi ellen\u0151rz\u00e9st rendszeresen, \u00e9vente vagy gyakrabban v\u00e9gzik a kock\u00e1zatok f\u00fcggv\u00e9ny\u00e9ben. C\u00e9lja a munkav\u00e1llal\u00f3k eg\u00e9szs\u00e9gi \u00e1llapot\u00e1nak nyomon k\u00f6vet\u00e9se, valamint a munk\u00e1hoz kapcsol\u00f3d\u00f3 betegs\u00e9gek megel\u0151z\u00e9se vagy korai felismer\u00e9se.<\/p>\n\n\n\n<p><strong>V\u00e9gzett szolg\u00e1ltat\u00e1sok<\/strong><\/p>\n\n\n\n<p>A szolg\u00e1ltat\u00e1sok a munkahely specifikum\u00e1t\u00f3l, a kapcsol\u00f3d\u00f3 kock\u00e1zatokt\u00f3l \u00e9s a hat\u00e1lyos jogszab\u00e1lyokt\u00f3l f\u00fcgg\u0151en v\u00e1ltoznak.<\/p>\n\n\n\n<details class=\"wp-block-details is-layout-flow wp-block-details-is-layout-flow\"><summary><br>Kezdeti \/ kontroll \u00e1ltal\u00e1nos orvosi vizsg\u00e1lat<\/summary>\n<p><\/p>\n<\/details>\n\n\n\n<details class=\"wp-block-details is-layout-flow wp-block-details-is-layout-flow\"><summary><br>K\u00f3rel\u0151zm\u00e9ny felv\u00e9tele<\/summary>\n<p><\/p>\n<\/details>\n\n\n\n<details class=\"wp-block-details is-layout-flow wp-block-details-is-layout-flow\"><summary><br>Laborvizsg\u00e1latok \u2013 a munkak\u00f6r k\u00f6vetelm\u00e9nyei szerint:<\/summary>\n<p>Glicemie \u2013 nivelul de zah\u0103r din s\u00e2nge<\/p>\n\n\n\n<p>Examen coproparazitologic (parazi\u021bi intestinali) \u0219i\/sau coprocultur\u0103 \u2013 \u00een special pentru lucr\u0103torii din industria alimentar\u0103<\/p>\n\n\n\n<p>Markeri infec\u021bio\u0219i: Ag Hbs (hepatita B), Ac. anti HCV (hepatita C), test HIV \u2013 \u00een special pentru lucr\u0103torii din domeniu medical<\/p>\n<\/details>\n\n\n\n<details class=\"wp-block-details is-layout-flow wp-block-details-is-layout-flow\"><summary><strong><br><br>Egy\u00e9b vizsg\u00e1latok, az alkalmaz\u00f3 ig\u00e9nyei szerint<\/strong><\/summary>\n<p>Pszihol\u00f3goiai vizsg\u00e1lat<\/p>\n\n\n\n<p><strong>Szpirometria<\/strong> \u2013 L\u00e9gz\u0151funkci\u00f3s vizsg\u00e1lat, sz\u00fcks\u00e9ges a porral, f\u00fcsttel, m\u00e9rgez\u0151 anyagokkal stb. val\u00f3 expoz\u00edci\u00f3val j\u00e1r\u00f3 munkak\u00f6r\u00f6kh\u00f6z<\/p>\n\n\n\n<p><strong>T\u00fcd\u0151-r\u00f6ntgen (Rtg)<\/strong> \u2013 a lehets\u00e9ges t\u00fcd\u0151betegs\u00e9gek, p\u00e9ld\u00e1ul a tuberkul\u00f3zis felder\u00edt\u00e9s\u00e9re<\/p>\n\n\n\n<p><strong>Audiometria<\/strong> \u2013 hall\u00e1svizsg\u00e1lat, zajexpoz\u00edci\u00f3val j\u00e1r\u00f3 munkak\u00f6r\u00f6kh\u00f6z<\/p>\n\n\n\n<p><strong>Szem\u00e9szeti vizsg\u00e1lat (l\u00e1t\u00e1s\u00e9less\u00e9g)<\/strong> \u2013 sz\u00e1m\u00edt\u00f3g\u00e9p- vagy prec\u00edzi\u00f3s eszk\u00f6zhaszn\u00e1lattal j\u00e1r\u00f3 munkak\u00f6r\u00f6kh\u00f6z<\/p>\n\n\n\n<p><strong>EKG (elektrokardiogr\u00e1fia)<\/strong> \u2013 fizikailag megterhel\u0151, magasban v\u00e9gzett munkak\u00f6r\u00f6kh\u00f6z stb<\/p>\n\n\n\n<p><strong>Teste toxicologice<\/strong> \u2013 \u00een cazul locurilor de munc\u0103 cu expunere la substan\u021be toxice, \u0219.a.<\/p>\n<\/details>\n\n\n\n<p><strong>Toxikol\u00f3giai vizsg\u00e1latok<\/strong> \u2013 m\u00e9rgez\u0151 anyagoknak kitett munkak\u00f6r\u00f6k eset\u00e9n stb<\/p>\n\n\n\n<p><strong>Az alkalmass\u00e1gi igazol\u00e1shoz sz\u00fcks\u00e9ges dokumentumok<\/strong><\/p>\n\n\n\n<ul class=\"wp-block-list\">\n<li>Eredeti szem\u00e9lyi igazolv\u00e1ny<\/li>\n\n\n\n<li>Orvosi karton<\/li>\n\n\n\n<li>Csal\u00e1dorvosi igazol\u00e1s (csak alkalmaz\u00e1skor)<\/li>\n\n\n\n<li>A kor\u00e1bbi orvosi vizsg\u00e1latok dokumentumai<\/li>\n<\/ul>\n\n\n\n<p><strong>Az alkalmass\u00e1gi igazol\u00e1s ki\u00e1ll\u00edt\u00e1s\u00e1nak folyamata<\/strong><\/p>\n\n\n\n<ul class=\"wp-block-list\">\n<li>A klinik\u00e1ra \u00e9rkez\u00e9s a sz\u00fcks\u00e9ges dokumentumokkal<\/li>\n\n\n\n<li>Orvosi vizsg\u00e1lat<\/li>\n\n\n\n<li>Alkalmass\u00e1gi v\u00e9lem\u00e9ny kiad\u00e1sa<\/li>\n<\/ul>\n\n\n\n<div class=\"wp-block-columns is-layout-flex wp-container-core-columns-is-layout-9d6595d7 wp-block-columns-is-layout-flex\">\n<div class=\"wp-block-column is-layout-flow wp-block-column-is-layout-flow\" style=\"flex-basis:100%\"><\/div>\n<\/div>\n\n\n\n<figure class=\"wp-block-table\"><table class=\"has-fixed-layout\"><tbody><tr><td><strong>SZOLG\u00c1LTAT\u00c1SOK<\/strong><\/td><td>\u00c1r<\/td><\/tr><tr><td>\u00c1ltal\u00e1nos orvosi vizsg\u00e1lat<\/td><td>45 lei<\/td><\/tr><tr><td>EKG (elektrokardiogr\u00e1fia)<\/td><td>35 lei<\/td><\/tr><tr><td>Szemvizsg\u00e1lat \/ l\u00e1t\u00e1s\u00e9less\u00e9g<\/td><td>15 lei<\/td><\/tr><tr><td>Audiometria<\/td><td>20 lei<\/td><\/tr><tr><td>Spirometria<\/td><td>25 lei<\/td><\/tr><tr><td>Pszichol\u00f3giai vizsg\u00e1lat<\/td><td>80 lei<\/td><\/tr><tr><td>R\u00f6ntgen (film d\u00edja)<\/td><td>70 lei<\/td><\/tr><\/tbody><\/table><\/figure>\n\n\n\n<p><\/p>\n\n\n\n<p><br>A <strong>DORA MEDICALS<\/strong> \u00e1llami int\u00e9zm\u00e9nyekkel \u00e9s mag\u00e1nv\u00e1llalatokkal egyar\u00e1nt egy\u00fcttm\u0171k\u00f6dik, a kliensek egyedi ig\u00e9nyeihez igaz\u00edtott szolg\u00e1ltat\u00e1sokat k\u00edn\u00e1lva.<\/p>\n\n\n\n<p><\/p>","protected":false},"excerpt":{"rendered":"<p>Munkahelyi orvostan a Dora Medicalsn\u00e1l, Marosv\u00e1s\u00e1rhelyenAlkalmazotti orvosi vizsg\u00e1lat \u00e9s id\u0151szakos eg\u00e9szs\u00e9g\u00fcgyi ellen\u0151rz\u00e9s A DORA MEDICALS teljes k\u00f6r\u0171 munkahelyi orvosi szolg\u00e1ltat\u00e1sokat ny\u00fajt v\u00e1llalatok sz\u00e1m\u00e1ra, mind az alkalmazotti vizsg\u00e1latokhoz, mind az id\u0151szakos orvosi ellen\u0151rz\u00e9sekhez. Munkahelyi orvosi szolg\u00e1ltat\u00e1sainkat \u00fagy alak\u00edtottuk ki, hogy hat\u00e9kony megold\u00e1sokat ny\u00fajtsunk az eg\u00e9szs\u00e9g\u00fcgyi probl\u00e9m\u00e1kra, seg\u00edtve a munkav\u00e1llal\u00f3kat az eg\u00e9szs\u00e9gi \u00e1llapotuk meg\u0151rz\u00e9s\u00e9nek fontoss\u00e1g\u00e1nak felismer\u00e9s\u00e9ben. Ez&#8230;<\/p>","protected":false},"author":1,"featured_media":0,"parent":0,"menu_order":0,"comment_status":"closed","ping_status":"closed","template":"","meta":{"footnotes":""},"class_list":["post-1533","page","type-page","status-publish","hentry"],"_links":{"self":[{"href":"https:\/\/www.doramedicals.ro\/hu\/wp-json\/wp\/v2\/pages\/1533","targetHints":{"allow":["GET"]}}],"collection":[{"href":"https:\/\/www.doramedicals.ro\/hu\/wp-json\/wp\/v2\/pages"}],"about":[{"href":"https:\/\/www.doramedicals.ro\/hu\/wp-json\/wp\/v2\/types\/page"}],"author":[{"embeddable":true,"href":"https:\/\/www.doramedicals.ro\/hu\/wp-json\/wp\/v2\/users\/1"}],"replies":[{"embeddable":true,"href":"https:\/\/www.doramedicals.ro\/hu\/wp-json\/wp\/v2\/comments?post=1533"}],"version-history":[{"count":1,"href":"https:\/\/www.doramedicals.ro\/hu\/wp-json\/wp\/v2\/pages\/1533\/revisions"}],"predecessor-version":[{"id":1534,"href":"https:\/\/www.doramedicals.ro\/hu\/wp-json\/wp\/v2\/pages\/1533\/revisions\/1534"}],"wp:attachment":[{"href":"https:\/\/www.doramedicals.ro\/hu\/wp-json\/wp\/v2\/media?parent=1533"}],"curies":[{"name":"wp","href":"https:\/\/api.w.org\/{rel}","templated":true}]}}